{"version":"1.0","provider_name":"Gesangverein &quot;Harmonie&quot; Obernau 1888 e.V.","provider_url":"https:\/\/harmonie-obernau.de","author_name":"admin","author_url":"https:\/\/harmonie-obernau.de\/index.php\/author\/juliakolb\/","title":"Vocal Harmonists - Gesangverein &quot;Harmonie&quot; Obernau 1888 e.V.","type":"rich","width":600,"height":338,"html":"<blockquote class=\"wp-embedded-content\" data-secret=\"CFYSLQbsjn\"><a href=\"https:\/\/harmonie-obernau.de\/index.php\/choere\/vocal-harmonists\/\">Vocal Harmonists<\/a><\/blockquote><iframe sandbox=\"allow-scripts\" security=\"restricted\" src=\"https:\/\/harmonie-obernau.de\/index.php\/choere\/vocal-harmonists\/embed\/#?secret=CFYSLQbsjn\" width=\"600\" height=\"338\" title=\"&#8222;Vocal Harmonists&#8220; &#8211; Gesangverein &quot;Harmonie&quot; Obernau 1888 e.V.\" data-secret=\"CFYSLQbsjn\" frameborder=\"0\" marginwidth=\"0\" marginheight=\"0\" scrolling=\"no\" class=\"wp-embedded-content\"><\/iframe><script>\n\/*! This file is auto-generated *\/\n!function(d,l){\"use strict\";l.querySelector&&d.addEventListener&&\"undefined\"!=typeof URL&&(d.wp=d.wp||{},d.wp.receiveEmbedMessage||(d.wp.receiveEmbedMessage=function(e){var t=e.data;if((t||t.secret||t.message||t.value)&&!\/[^a-zA-Z0-9]\/.test(t.secret)){for(var s,r,n,a=l.querySelectorAll('iframe[data-secret=\"'+t.secret+'\"]'),o=l.querySelectorAll('blockquote[data-secret=\"'+t.secret+'\"]'),c=new RegExp(\"^https?:$\",\"i\"),i=0;i<o.length;i++)o[i].style.display=\"none\";for(i=0;i<a.length;i++)s=a[i],e.source===s.contentWindow&&(s.removeAttribute(\"style\"),\"height\"===t.message?(1e3<(r=parseInt(t.value,10))?r=1e3:~~r<200&&(r=200),s.height=r):\"link\"===t.message&&(r=new URL(s.getAttribute(\"src\")),n=new URL(t.value),c.test(n.protocol))&&n.host===r.host&&l.activeElement===s&&(d.top.location.href=t.value))}},d.addEventListener(\"message\",d.wp.receiveEmbedMessage,!1),l.addEventListener(\"DOMContentLoaded\",function(){for(var e,t,s=l.querySelectorAll(\"iframe.wp-embedded-content\"),r=0;r<s.length;r++)(t=(e=s[r]).getAttribute(\"data-secret\"))||(t=Math.random().toString(36).substring(2,12),e.src+=\"#?secret=\"+t,e.setAttribute(\"data-secret\",t)),e.contentWindow.postMessage({message:\"ready\",secret:t},\"*\")},!1)))}(window,document);\n\/\/# sourceURL=https:\/\/harmonie-obernau.de\/wp-includes\/js\/wp-embed.min.js\n<\/script>\n","thumbnail_url":"https:\/\/harmonie-obernau.de\/wp-content\/uploads\/2024\/04\/IMG_1009-Kopie-scaled.jpg","thumbnail_width":2560,"thumbnail_height":1031,"description":"Mit den \u201eVocal Harmonists\u201c wurde ein zweiter, etwas kleinerer Chor gegr\u00fcndet. Dieser konzentriert sich auf etwas moderneres Liedgut und ist vor allem bei den j\u00fcngeren Mitgliedern sehr beliebt. Im Sommer 2016 wurden die Vocal Harmonists zun\u00e4chst als Projektchor gegr\u00fcndet. Inzwischen bewiesen ca. 21 junge und junggebliebene S\u00e4ngerinnen und S\u00e4nger bei bereits mehreren gelungenen Auftritten ihr [&hellip;]"}