{"id":29,"date":"2024-04-10T14:20:32","date_gmt":"2024-04-10T14:20:32","guid":{"rendered":"https:\/\/mindfloor.de\/commander\/?page_id=29"},"modified":"2026-02-14T10:55:46","modified_gmt":"2026-02-14T10:55:46","slug":"vocal-harmonists","status":"publish","type":"page","link":"https:\/\/harmonie-obernau.de\/index.php\/choere\/vocal-harmonists\/","title":{"rendered":"Vocal Harmonists"},"content":{"rendered":"\r\n<p class=\"has-text-align-center\" style=\"font-size:clamp(1.039rem, 1.039rem + ((1vw - 0.2rem) * 1.02), 1.6rem);\"><span style=\"color: #0000ff;\">Mit den \u201eVocal Harmonists\u201c wurde ein zweiter, etwas kleinerer Chor gegr\u00fcndet. Dieser konzentriert sich auf etwas moderneres Liedgut und ist vor allem bei den j\u00fcngeren Mitgliedern sehr beliebt.<\/span><\/p>\r\n\r\n\r\n\r\n<p class=\"has-medium-font-size\">Im Sommer 2016 wurden die Vocal Harmonists zun\u00e4chst als Projektchor gegr\u00fcndet.<\/p>\r\n\r\n\r\n\r\n<p class=\"has-medium-font-size\">Inzwischen bewiesen ca. 21 junge und junggebliebene S\u00e4ngerinnen und S\u00e4nger bei bereits mehreren gelungenen Auftritten ihr K\u00f6nnen und sind ein weiteres Highlight des Vereins.<\/p>\r\n\r\n\r\n\r\n<p class=\"has-medium-font-size\">Gesungen wird ein vielf\u00e4ltiges Programm; von klassischer Chorliteratur bis hin zu moderner Chormusik.<\/p>\r\n\r\n\r\n\r\n<p class=\"has-medium-font-size\">Wir freuen uns \u00fcber weiteren Zuwachs unsers Chors!<\/p>\r\n\r\n\r\n\r\n<figure class=\"wp-block-image size-large wp-block-gallery-1 is-layout-flex wp-block-gallery-is-layout-flex\"><\/figure>\r\n<div class='polaroid-gallery galleryid-29' style='width:510px;'>\n\t\t\t<a href=\"https:\/\/harmonie-obernau.de\/wp-content\/uploads\/2026\/02\/BKRL2676-1024x768.jpg\" title=\"BKRL2676\" rel=\"polaroid_1948503931\" class=\"polaroid-gallery-item showcaption\"><span class=\"polaroid-gallery-image\" title=\"\" style=\"background-image: url(https:\/\/harmonie-obernau.de\/wp-content\/uploads\/2026\/02\/BKRL2676-150x150.jpg); width: 150px; height: 150px;\"><\/span><\/a>\n\t\t\t<a href=\"https:\/\/harmonie-obernau.de\/wp-content\/uploads\/2024\/04\/Einige-Vocals-bei-ihrem-Spaziergang-1024x768.jpg\" title=\"\" rel=\"polaroid_1948503931\" class=\"polaroid-gallery-item showcaption\"><span class=\"polaroid-gallery-image\" title=\"\" style=\"background-image: url(https:\/\/harmonie-obernau.de\/wp-content\/uploads\/2024\/04\/Einige-Vocals-bei-ihrem-Spaziergang-150x150.jpg); width: 150px; height: 150px;\"><\/span><\/a>\n\t\t\t<a href=\"https:\/\/harmonie-obernau.de\/wp-content\/uploads\/2024\/08\/IMG-20240324-WA0009-1024x768.jpg\" title=\"IMG-20240324-WA0009\" rel=\"polaroid_1948503931\" class=\"polaroid-gallery-item showcaption\"><span class=\"polaroid-gallery-image\" title=\"\" style=\"background-image: url(https:\/\/harmonie-obernau.de\/wp-content\/uploads\/2024\/08\/IMG-20240324-WA0009-150x150.jpg); width: 150px; height: 150px;\"><\/span><\/a>\n\t\t\t<br style=\"clear: both;\" \/><\/div>\n\r\n<p>&nbsp;<\/p>\r\n","protected":false},"excerpt":{"rendered":"<p>Mit den \u201eVocal Harmonists\u201c wurde ein zweiter, etwas kleinerer Chor gegr\u00fcndet. Dieser konzentriert sich auf etwas moderneres Liedgut und ist vor allem bei den j\u00fcngeren Mitgliedern sehr beliebt. Im Sommer 2016 wurden die Vocal Harmonists zun\u00e4chst als Projektchor gegr\u00fcndet. Inzwischen bewiesen ca. 21 junge und junggebliebene S\u00e4ngerinnen und S\u00e4nger bei bereits mehreren gelungenen Auftritten ihr [&hellip;]<\/p>\n","protected":false},"author":1,"featured_media":178,"parent":50,"menu_order":2,"comment_status":"closed","ping_status":"closed","template":"","meta":{"footnotes":""},"class_list":["post-29","page","type-page","status-publish","has-post-thumbnail","hentry"],"yoast_head":"<!-- This site is optimized with the Yoast SEO plugin v27.5 - https:\/\/yoast.com\/product\/yoast-seo-wordpress\/ -->\n<title>Vocal Harmonists - Gesangverein &quot;Harmonie&quot; Obernau 1888 e.V.<\/title>\n<meta name=\"robots\" content=\"index, follow, max-snippet:-1, max-image-preview:large, max-video-preview:-1\" \/>\n<link rel=\"canonical\" href=\"https:\/\/harmonie-obernau.de\/index.php\/choere\/vocal-harmonists\/\" \/>\n<meta property=\"og:locale\" content=\"de_DE\" \/>\n<meta property=\"og:type\" content=\"article\" \/>\n<meta property=\"og:title\" content=\"Vocal Harmonists - Gesangverein &quot;Harmonie&quot; Obernau 1888 e.V.\" \/>\n<meta property=\"og:description\" content=\"Mit den \u201eVocal Harmonists\u201c wurde ein zweiter, etwas kleinerer Chor gegr\u00fcndet. Dieser konzentriert sich auf etwas moderneres Liedgut und ist vor allem bei den j\u00fcngeren Mitgliedern sehr beliebt. Im Sommer 2016 wurden die Vocal Harmonists zun\u00e4chst als Projektchor gegr\u00fcndet. Inzwischen bewiesen ca. 21 junge und junggebliebene S\u00e4ngerinnen und S\u00e4nger bei bereits mehreren gelungenen Auftritten ihr [&hellip;]\" \/>\n<meta property=\"og:url\" content=\"https:\/\/harmonie-obernau.de\/index.php\/choere\/vocal-harmonists\/\" \/>\n<meta property=\"og:site_name\" content=\"Gesangverein &quot;Harmonie&quot; Obernau 1888 e.V.\" \/>\n<meta property=\"article:modified_time\" content=\"2026-02-14T10:55:46+00:00\" \/>\n<meta property=\"og:image\" content=\"https:\/\/harmonie-obernau.de\/wp-content\/uploads\/2024\/04\/IMG_1009-Kopie-scaled.jpg\" \/>\n\t<meta property=\"og:image:width\" content=\"2560\" \/>\n\t<meta property=\"og:image:height\" content=\"1031\" \/>\n\t<meta property=\"og:image:type\" content=\"image\/jpeg\" \/>\n<meta name=\"twitter:card\" content=\"summary_large_image\" \/>\n<meta name=\"twitter:label1\" content=\"Gesch\u00e4tzte Lesezeit\" \/>\n\t<meta name=\"twitter:data1\" content=\"1\u00a0Minute\" \/>\n<script type=\"application\/ld+json\" class=\"yoast-schema-graph\">{\"@context\":\"https:\\\/\\\/schema.org\",\"@graph\":[{\"@type\":\"WebPage\",\"@id\":\"https:\\\/\\\/harmonie-obernau.de\\\/index.php\\\/choere\\\/vocal-harmonists\\\/\",\"url\":\"https:\\\/\\\/harmonie-obernau.de\\\/index.php\\\/choere\\\/vocal-harmonists\\\/\",\"name\":\"Vocal Harmonists - Gesangverein &quot;Harmonie&quot; Obernau 1888 e.V.\",\"isPartOf\":{\"@id\":\"https:\\\/\\\/harmonie-obernau.de\\\/#website\"},\"primaryImageOfPage\":{\"@id\":\"https:\\\/\\\/harmonie-obernau.de\\\/index.php\\\/choere\\\/vocal-harmonists\\\/#primaryimage\"},\"image\":{\"@id\":\"https:\\\/\\\/harmonie-obernau.de\\\/index.php\\\/choere\\\/vocal-harmonists\\\/#primaryimage\"},\"thumbnailUrl\":\"https:\\\/\\\/harmonie-obernau.de\\\/wp-content\\\/uploads\\\/2024\\\/04\\\/IMG_1009-Kopie-scaled.jpg\",\"datePublished\":\"2024-04-10T14:20:32+00:00\",\"dateModified\":\"2026-02-14T10:55:46+00:00\",\"breadcrumb\":{\"@id\":\"https:\\\/\\\/harmonie-obernau.de\\\/index.php\\\/choere\\\/vocal-harmonists\\\/#breadcrumb\"},\"inLanguage\":\"de\",\"potentialAction\":[{\"@type\":\"ReadAction\",\"target\":[\"https:\\\/\\\/harmonie-obernau.de\\\/index.php\\\/choere\\\/vocal-harmonists\\\/\"]}]},{\"@type\":\"ImageObject\",\"inLanguage\":\"de\",\"@id\":\"https:\\\/\\\/harmonie-obernau.de\\\/index.php\\\/choere\\\/vocal-harmonists\\\/#primaryimage\",\"url\":\"https:\\\/\\\/harmonie-obernau.de\\\/wp-content\\\/uploads\\\/2024\\\/04\\\/IMG_1009-Kopie-scaled.jpg\",\"contentUrl\":\"https:\\\/\\\/harmonie-obernau.de\\\/wp-content\\\/uploads\\\/2024\\\/04\\\/IMG_1009-Kopie-scaled.jpg\",\"width\":2560,\"height\":1031},{\"@type\":\"BreadcrumbList\",\"@id\":\"https:\\\/\\\/harmonie-obernau.de\\\/index.php\\\/choere\\\/vocal-harmonists\\\/#breadcrumb\",\"itemListElement\":[{\"@type\":\"ListItem\",\"position\":1,\"name\":\"Startseite\",\"item\":\"https:\\\/\\\/harmonie-obernau.de\\\/\"},{\"@type\":\"ListItem\",\"position\":2,\"name\":\"Ch\u00f6re\",\"item\":\"https:\\\/\\\/harmonie-obernau.de\\\/index.php\\\/choere\\\/\"},{\"@type\":\"ListItem\",\"position\":3,\"name\":\"Vocal Harmonists\"}]},{\"@type\":\"WebSite\",\"@id\":\"https:\\\/\\\/harmonie-obernau.de\\\/#website\",\"url\":\"https:\\\/\\\/harmonie-obernau.de\\\/\",\"name\":\"Gesangverein \\\"Harmonie\\\" Obernau 1888 e.V.\",\"description\":\"\",\"publisher\":{\"@id\":\"https:\\\/\\\/harmonie-obernau.de\\\/#organization\"},\"potentialAction\":[{\"@type\":\"SearchAction\",\"target\":{\"@type\":\"EntryPoint\",\"urlTemplate\":\"https:\\\/\\\/harmonie-obernau.de\\\/?s={search_term_string}\"},\"query-input\":{\"@type\":\"PropertyValueSpecification\",\"valueRequired\":true,\"valueName\":\"search_term_string\"}}],\"inLanguage\":\"de\"},{\"@type\":\"Organization\",\"@id\":\"https:\\\/\\\/harmonie-obernau.de\\\/#organization\",\"name\":\"Gesangverein \\\"Harmonie\\\" Obernau 1888 e.V.\",\"url\":\"https:\\\/\\\/harmonie-obernau.de\\\/\",\"logo\":{\"@type\":\"ImageObject\",\"inLanguage\":\"de\",\"@id\":\"https:\\\/\\\/harmonie-obernau.de\\\/#\\\/schema\\\/logo\\\/image\\\/\",\"url\":\"https:\\\/\\\/harmonie-obernau.de\\\/wp-content\\\/uploads\\\/2024\\\/08\\\/20170426184050_GVHarmonie.jpg\",\"contentUrl\":\"https:\\\/\\\/harmonie-obernau.de\\\/wp-content\\\/uploads\\\/2024\\\/08\\\/20170426184050_GVHarmonie.jpg\",\"width\":140,\"height\":188,\"caption\":\"Gesangverein \\\"Harmonie\\\" Obernau 1888 e.V.\"},\"image\":{\"@id\":\"https:\\\/\\\/harmonie-obernau.de\\\/#\\\/schema\\\/logo\\\/image\\\/\"}}]}<\/script>\n<!-- \/ Yoast SEO plugin. -->","yoast_head_json":{"title":"Vocal Harmonists - Gesangverein &quot;Harmonie&quot; Obernau 1888 e.V.","robots":{"index":"index","follow":"follow","max-snippet":"max-snippet:-1","max-image-preview":"max-image-preview:large","max-video-preview":"max-video-preview:-1"},"canonical":"https:\/\/harmonie-obernau.de\/index.php\/choere\/vocal-harmonists\/","og_locale":"de_DE","og_type":"article","og_title":"Vocal Harmonists - Gesangverein &quot;Harmonie&quot; Obernau 1888 e.V.","og_description":"Mit den \u201eVocal Harmonists\u201c wurde ein zweiter, etwas kleinerer Chor gegr\u00fcndet. Dieser konzentriert sich auf etwas moderneres Liedgut und ist vor allem bei den j\u00fcngeren Mitgliedern sehr beliebt. Im Sommer 2016 wurden die Vocal Harmonists zun\u00e4chst als Projektchor gegr\u00fcndet. Inzwischen bewiesen ca. 21 junge und junggebliebene S\u00e4ngerinnen und S\u00e4nger bei bereits mehreren gelungenen Auftritten ihr [&hellip;]","og_url":"https:\/\/harmonie-obernau.de\/index.php\/choere\/vocal-harmonists\/","og_site_name":"Gesangverein &quot;Harmonie&quot; Obernau 1888 e.V.","article_modified_time":"2026-02-14T10:55:46+00:00","og_image":[{"width":2560,"height":1031,"url":"https:\/\/harmonie-obernau.de\/wp-content\/uploads\/2024\/04\/IMG_1009-Kopie-scaled.jpg","type":"image\/jpeg"}],"twitter_card":"summary_large_image","twitter_misc":{"Gesch\u00e4tzte Lesezeit":"1\u00a0Minute"},"schema":{"@context":"https:\/\/schema.org","@graph":[{"@type":"WebPage","@id":"https:\/\/harmonie-obernau.de\/index.php\/choere\/vocal-harmonists\/","url":"https:\/\/harmonie-obernau.de\/index.php\/choere\/vocal-harmonists\/","name":"Vocal Harmonists - Gesangverein &quot;Harmonie&quot; Obernau 1888 e.V.","isPartOf":{"@id":"https:\/\/harmonie-obernau.de\/#website"},"primaryImageOfPage":{"@id":"https:\/\/harmonie-obernau.de\/index.php\/choere\/vocal-harmonists\/#primaryimage"},"image":{"@id":"https:\/\/harmonie-obernau.de\/index.php\/choere\/vocal-harmonists\/#primaryimage"},"thumbnailUrl":"https:\/\/harmonie-obernau.de\/wp-content\/uploads\/2024\/04\/IMG_1009-Kopie-scaled.jpg","datePublished":"2024-04-10T14:20:32+00:00","dateModified":"2026-02-14T10:55:46+00:00","breadcrumb":{"@id":"https:\/\/harmonie-obernau.de\/index.php\/choere\/vocal-harmonists\/#breadcrumb"},"inLanguage":"de","potentialAction":[{"@type":"ReadAction","target":["https:\/\/harmonie-obernau.de\/index.php\/choere\/vocal-harmonists\/"]}]},{"@type":"ImageObject","inLanguage":"de","@id":"https:\/\/harmonie-obernau.de\/index.php\/choere\/vocal-harmonists\/#primaryimage","url":"https:\/\/harmonie-obernau.de\/wp-content\/uploads\/2024\/04\/IMG_1009-Kopie-scaled.jpg","contentUrl":"https:\/\/harmonie-obernau.de\/wp-content\/uploads\/2024\/04\/IMG_1009-Kopie-scaled.jpg","width":2560,"height":1031},{"@type":"BreadcrumbList","@id":"https:\/\/harmonie-obernau.de\/index.php\/choere\/vocal-harmonists\/#breadcrumb","itemListElement":[{"@type":"ListItem","position":1,"name":"Startseite","item":"https:\/\/harmonie-obernau.de\/"},{"@type":"ListItem","position":2,"name":"Ch\u00f6re","item":"https:\/\/harmonie-obernau.de\/index.php\/choere\/"},{"@type":"ListItem","position":3,"name":"Vocal Harmonists"}]},{"@type":"WebSite","@id":"https:\/\/harmonie-obernau.de\/#website","url":"https:\/\/harmonie-obernau.de\/","name":"Gesangverein \"Harmonie\" Obernau 1888 e.V.","description":"","publisher":{"@id":"https:\/\/harmonie-obernau.de\/#organization"},"potentialAction":[{"@type":"SearchAction","target":{"@type":"EntryPoint","urlTemplate":"https:\/\/harmonie-obernau.de\/?s={search_term_string}"},"query-input":{"@type":"PropertyValueSpecification","valueRequired":true,"valueName":"search_term_string"}}],"inLanguage":"de"},{"@type":"Organization","@id":"https:\/\/harmonie-obernau.de\/#organization","name":"Gesangverein \"Harmonie\" Obernau 1888 e.V.","url":"https:\/\/harmonie-obernau.de\/","logo":{"@type":"ImageObject","inLanguage":"de","@id":"https:\/\/harmonie-obernau.de\/#\/schema\/logo\/image\/","url":"https:\/\/harmonie-obernau.de\/wp-content\/uploads\/2024\/08\/20170426184050_GVHarmonie.jpg","contentUrl":"https:\/\/harmonie-obernau.de\/wp-content\/uploads\/2024\/08\/20170426184050_GVHarmonie.jpg","width":140,"height":188,"caption":"Gesangverein \"Harmonie\" Obernau 1888 e.V."},"image":{"@id":"https:\/\/harmonie-obernau.de\/#\/schema\/logo\/image\/"}}]}},"_links":{"self":[{"href":"https:\/\/harmonie-obernau.de\/index.php\/wp-json\/wp\/v2\/pages\/29","targetHints":{"allow":["GET"]}}],"collection":[{"href":"https:\/\/harmonie-obernau.de\/index.php\/wp-json\/wp\/v2\/pages"}],"about":[{"href":"https:\/\/harmonie-obernau.de\/index.php\/wp-json\/wp\/v2\/types\/page"}],"author":[{"embeddable":true,"href":"https:\/\/harmonie-obernau.de\/index.php\/wp-json\/wp\/v2\/users\/1"}],"replies":[{"embeddable":true,"href":"https:\/\/harmonie-obernau.de\/index.php\/wp-json\/wp\/v2\/comments?post=29"}],"version-history":[{"count":24,"href":"https:\/\/harmonie-obernau.de\/index.php\/wp-json\/wp\/v2\/pages\/29\/revisions"}],"predecessor-version":[{"id":603,"href":"https:\/\/harmonie-obernau.de\/index.php\/wp-json\/wp\/v2\/pages\/29\/revisions\/603"}],"up":[{"embeddable":true,"href":"https:\/\/harmonie-obernau.de\/index.php\/wp-json\/wp\/v2\/pages\/50"}],"wp:featuredmedia":[{"embeddable":true,"href":"https:\/\/harmonie-obernau.de\/index.php\/wp-json\/wp\/v2\/media\/178"}],"wp:attachment":[{"href":"https:\/\/harmonie-obernau.de\/index.php\/wp-json\/wp\/v2\/media?parent=29"}],"curies":[{"name":"wp","href":"https:\/\/api.w.org\/{rel}","templated":true}]}}